
{"id":2007,"date":"2020-12-22T23:22:24","date_gmt":"2021-04-25T21:00:23","guid":{"rendered":"https:\/\/remy-an-noemie.lu\/product\/5-kaerebrout\/"},"modified":"2021-04-25T21:00:24","modified_gmt":"2021-04-25T21:00:24","slug":"koernerbrot","status":"publish","type":"product","link":"https:\/\/remy-an-noemie.lu\/lb\/produit\/koernerbrot\/","title":{"rendered":"5 K\u00e4rebrout"},"content":{"rendered":"","protected":false},"excerpt":{"rendered":"<p class=\"p1\">In unserem K\u00f6rnerbrot verarbeiten wir unser Hauseigener Sauerteig, eine Auswahl an verschiedenen K\u00f6rnern, luxemburgisches Weizen- und Roggenmehl. Durch die Beigabe der vorgequellten K\u00f6rner, zeichnet dieses Brot eine sehr lange Frischhaltung aus! Dieses Brot ist sehr Ballaststoffreich und hilft beim Abnehmen sowie den Cholesterin Spiegel leicht zu senken.<\/p>\n<p class=\"p1\">Weess-, Karmiel, Fluesssom, Mohn, Sesam, Mill (Hirse), Sonneblummek\u00e4ren, Waasser, Sauerdeeg, Hief a Salz. D\u00ebst Brout ass r\u00e4ich u Ballaststoffer, \u00ebnnerst\u00ebtzt beim Ofhuelen a kann de Cholesterinspigel liicht senken.<\/p>\n<ul>\n<li>Pr\u00e4is ab:<\/li>\n<li>Allergenen: Gluten, Sesam<\/li>\n<li>Erh\u00e4ltlech: D\u00ebnschdes bis Sonndes<\/li>\n<\/ul>\n","protected":false},"featured_media":2339,"template":"","meta":[],"product_cat":[91,67],"product_tag":[],"class_list":["post-2007","product","type-product","status-publish","has-post-thumbnail","hentry","product_cat-brout","product_cat-baeckerei-lb"],"_links":{"self":[{"href":"https:\/\/remy-an-noemie.lu\/lb\/wp-json\/wp\/v2\/product\/2007","targetHints":{"allow":["GET"]}}],"collection":[{"href":"https:\/\/remy-an-noemie.lu\/lb\/wp-json\/wp\/v2\/product"}],"about":[{"href":"https:\/\/remy-an-noemie.lu\/lb\/wp-json\/wp\/v2\/types\/product"}],"wp:featuredmedia":[{"embeddable":true,"href":"https:\/\/remy-an-noemie.lu\/lb\/wp-json\/wp\/v2\/media\/2339"}],"wp:attachment":[{"href":"https:\/\/remy-an-noemie.lu\/lb\/wp-json\/wp\/v2\/media?parent=2007"}],"wp:term":[{"taxonomy":"product_cat","embeddable":true,"href":"https:\/\/remy-an-noemie.lu\/lb\/wp-json\/wp\/v2\/product_cat?post=2007"},{"taxonomy":"product_tag","embeddable":true,"href":"https:\/\/remy-an-noemie.lu\/lb\/wp-json\/wp\/v2\/product_tag?post=2007"}],"curies":[{"name":"wp","href":"https:\/\/api.w.org\/{rel}","templated":true}]}}